{"id":1261,"date":"2021-06-02T15:07:09","date_gmt":"2021-06-02T15:07:09","guid":{"rendered":"http:\/\/www.cenais.cu\/cenais\/?page_id=1261"},"modified":"2021-06-02T16:22:30","modified_gmt":"2021-06-02T16:22:30","slug":"tesis-de-grado-cientifico","status":"publish","type":"page","link":"https:\/\/www.cenais.gob.cu\/cenais\/?page_id=1261","title":{"rendered":"Tesis de grado cient\u00edfico"},"content":{"rendered":"\n<p><strong>Doctorados<\/strong><\/p>\n\n\n\n<p><\/p>\n\n\n\n<div class=\"wp-block-columns is-layout-flex wp-container-core-columns-is-layout-9d6595d7 wp-block-columns-is-layout-flex\">\n<div class=\"wp-block-column is-layout-flow wp-block-column-is-layout-flow\" style=\"flex-basis:33.33%\">\n<p>Jos\u00e9 Alejandro Zapata Balanqu\u00e9. 1996. <\/p>\n<\/div>\n\n\n\n<div class=\"wp-block-column is-layout-flow wp-block-column-is-layout-flow\" style=\"flex-basis:66.66%\">\n<p>Utilizaci\u00f3n\u00a0 de variantes metodol\u00f3gicas de microzonificaci\u00f3n s\u00edsmica en la ciudad de Santiago de Cuba. <a href=\"\/productos\/publicaciones\/TESIS\/DOCTORADOS\/TESIS DOCTORAL-Jose Zapata.pdf\" target=\"_blank\" rel=\"noreferrer noopener\">PDF<\/a><\/p>\n<\/div>\n<\/div>\n\n\n\n<div class=\"wp-block-columns is-layout-flex wp-container-core-columns-is-layout-9d6595d7 wp-block-columns-is-layout-flex\">\n<div class=\"wp-block-column is-layout-flow wp-block-column-is-layout-flow\" style=\"flex-basis:33.33%\">\n<p>Tom\u00e1s Jacinto Chuy Rodr\u00edguez. 1999<\/p>\n<\/div>\n\n\n\n<div class=\"wp-block-column is-layout-flow wp-block-column-is-layout-flow\" style=\"flex-basis:66.66%\">\n<p>Macros\u00edsmica de Cuba y su aplicaci\u00f3n en los estimados de peligrosidad y microzonaci\u00f3n s\u00edsmica. <a href=\"http:\/\/www.cenais.cu\/productos\/publicaciones\/TESIS\/DOCTORADOS\/TESIS DOCTORAL-Tom\u00e1s Chuy.pdf\" target=\"_blank\" rel=\"noreferrer noopener\">PDF<\/a><\/p>\n<\/div>\n<\/div>\n\n\n\n<div class=\"wp-block-columns is-layout-flex wp-container-core-columns-is-layout-9d6595d7 wp-block-columns-is-layout-flex\">\n<div class=\"wp-block-column is-layout-flow wp-block-column-is-layout-flow\" style=\"flex-basis:33.33%\">\n<p>Bladimir Moreno Toir\u00e1n. 2002<\/p>\n<\/div>\n\n\n\n<div class=\"wp-block-column is-layout-flow wp-block-column-is-layout-flow\" style=\"flex-basis:66.66%\">\n<p>Crustal structure and seismicity of Cuba and Web-based applications for earthquake analysis. <a href=\"http:\/\/www.cenais.cu\/productos\/publicaciones\/TESIS\/DOCTORADOS\/TESIS DOCTORAL-Bladimir Moreno.pdf\" target=\"_blank\" rel=\"noreferrer noopener\">PDF<\/a><\/p>\n<\/div>\n<\/div>\n\n\n\n<div class=\"wp-block-columns is-layout-flex wp-container-core-columns-is-layout-9d6595d7 wp-block-columns-is-layout-flex\">\n<div class=\"wp-block-column is-layout-flow wp-block-column-is-layout-flow\" style=\"flex-basis:33.33%\">\n<p>Fernando Guasch\u00a0 Hechavarria. 2006<\/p>\n<\/div>\n\n\n\n<div class=\"wp-block-column is-layout-flow wp-block-column-is-layout-flow\" style=\"flex-basis:66.66%\">\n<p>Estrategia prospectiva para la prevenci\u00f3n de desastres a nivel local en Cuba. <a href=\"http:\/\/www.cenais.cu\/productos\/publicaciones\/TESIS\/DOCTORADOS\/TESIS DOCTORAL-Fernando Guasch.pdf\" target=\"_blank\" rel=\"noreferrer noopener\">PDF<\/a><\/p>\n<\/div>\n<\/div>\n\n\n\n<div class=\"wp-block-columns is-layout-flex wp-container-core-columns-is-layout-9d6595d7 wp-block-columns-is-layout-flex\">\n<div class=\"wp-block-column is-layout-flow wp-block-column-is-layout-flow\" style=\"flex-basis:33.33%\">\n<p>Julio Antonio Garc\u00eda Pel\u00e1ez. 2007<\/p>\n<\/div>\n\n\n\n<div class=\"wp-block-column is-layout-flow wp-block-column-is-layout-flow\" style=\"flex-basis:66.66%\">\n<p>Estimados de peligrosidad s\u00edsmica con el error asociado para cuba, y c\u00e1lculo de p\u00e9rdidas para la ciudad de Santiago de Cuba usando t\u00e9cnicas SIG. <a href=\"http:\/\/www.cenais.cu\/productos\/publicaciones\/TESIS\/DOCTORADOS\/TESIS DOCTORAL-Julio Garc\u00eda.pdf\" target=\"_blank\" rel=\"noreferrer noopener\">PDF<\/a><\/p>\n<\/div>\n<\/div>\n\n\n\n<div class=\"wp-block-columns is-layout-flex wp-container-core-columns-is-layout-9d6595d7 wp-block-columns-is-layout-flex\">\n<div class=\"wp-block-column is-layout-flow wp-block-column-is-layout-flow\" style=\"flex-basis:33.33%\">\n<p>O\u2019Leary Fernando Gonz\u00e1lez Matos. 2013<\/p>\n<\/div>\n\n\n\n<div class=\"wp-block-column is-layout-flow wp-block-column-is-layout-flow\" style=\"flex-basis:66.66%\">\n<p>Modelo de velocidades de ondas S del sistema litosfera-astenosfera de Cuba y la regi\u00f3n del Caribe. <a href=\"http:\/\/www.cenais.cu\/productos\/publicaciones\/TESIS\/DOCTORADOS\/TESIS DOCTORAL-Oleary Gonz\u00e1lez.pdf\" target=\"_blank\" rel=\"noreferrer noopener\">PDF<\/a><\/p>\n<\/div>\n<\/div>\n\n\n\n<div class=\"wp-block-columns is-layout-flex wp-container-core-columns-is-layout-9d6595d7 wp-block-columns-is-layout-flex\">\n<div class=\"wp-block-column is-layout-flow wp-block-column-is-layout-flow\" style=\"flex-basis:33.33%\">\n<p>Enrique Diego Arango Arias. 2014<\/p>\n<\/div>\n\n\n\n<div class=\"wp-block-column is-layout-flow wp-block-column-is-layout-flow\" style=\"flex-basis:66.66%\">\n<p>An\u00e1lisis sismotect\u00f3nico del territorio oriental de Cuba a partir de la integraci\u00f3n del modelo de corteza 3D de datos gravim\u00e9tricos con datos sismol\u00f3gicos y geod\u00e9sicos. <a href=\"http:\/\/www.cenais.cu\/productos\/publicaciones\/TESIS\/DOCTORADOS\/TESIS DOCTORAL-Enrique Arango.pdf\" target=\"_blank\" rel=\"noreferrer noopener\">PDF<\/a><\/p>\n<\/div>\n<\/div>\n\n\n\n<div class=\"wp-block-columns is-layout-flex wp-container-core-columns-is-layout-9d6595d7 wp-block-columns-is-layout-flex\">\n<div class=\"wp-block-column is-layout-flow wp-block-column-is-layout-flow\" style=\"flex-basis:33.33%\">\n<p>Antonio Salgado Castillo. 2015<\/p>\n<\/div>\n\n\n\n<div class=\"wp-block-column is-layout-flow wp-block-column-is-layout-flow\" style=\"flex-basis:66.66%\">\n<p>Din\u00e1mica l\u00f3gico \u2013 algor\u00edtmica del proceso de resoluci\u00f3n\u00a0 de problemas de programaci\u00f3n computacional. <a href=\"http:\/\/www.cenais.cu\/productos\/publicaciones\/TESIS\/DOCTORADOS\/TESIS DOCTORAL-Antonio Salgado.pdf\" target=\"_blank\" rel=\"noreferrer noopener\">PDF<\/a><\/p>\n<\/div>\n<\/div>\n\n\n\n<div class=\"wp-block-columns is-layout-flex wp-container-core-columns-is-layout-9d6595d7 wp-block-columns-is-layout-flex\">\n<div class=\"wp-block-column is-layout-flow wp-block-column-is-layout-flow\" style=\"flex-basis:33.33%\">\n<p>Eduardo Rafael Diez Zald\u00edvar. 2016<\/p>\n<\/div>\n\n\n\n<div class=\"wp-block-column is-layout-flow wp-block-column-is-layout-flow\" style=\"flex-basis:66.66%\">\n<p>Calibraci\u00f3n de sensores s\u00edsmicos mediante el uso de se\u00f1ales estoc\u00e1sticas. <a href=\"http:\/\/www.cenais.cu\/productos\/publicaciones\/TESIS\/DOCTORADOS\/TESIS DOCTORAL-Eduardo Diez.pdf\" target=\"_blank\" rel=\"noreferrer noopener\">PDF<\/a><\/p>\n<\/div>\n<\/div>\n\n\n\n<div class=\"wp-block-columns is-layout-flex wp-container-core-columns-is-layout-9d6595d7 wp-block-columns-is-layout-flex\">\n<div class=\"wp-block-column is-layout-flow wp-block-column-is-layout-flow\" style=\"flex-basis:33.33%\">\n<p>Dar\u00edo Candebat S\u00e1nchez. 2017<\/p>\n<\/div>\n\n\n\n<div class=\"wp-block-column is-layout-flow wp-block-column-is-layout-flow\" style=\"flex-basis:66.66%\">\n<p>Procedimiento de an\u00e1lisis del riesgo para la rehabilitaci\u00f3n estructural sismorresistente de puentes de hormig\u00f3n, de vigas, de carreteras.<\/p>\n<\/div>\n<\/div>\n\n\n\n<div class=\"wp-block-columns is-layout-flex wp-container-core-columns-is-layout-9d6595d7 wp-block-columns-is-layout-flex\">\n<div class=\"wp-block-column is-layout-flow wp-block-column-is-layout-flow\" style=\"flex-basis:33.33%\">\n<p>Grisel Morej\u00f3n Blanco. 2018<\/p>\n<\/div>\n\n\n\n<div class=\"wp-block-column is-layout-flow wp-block-column-is-layout-flow\" style=\"flex-basis:66.66%\">\n<p>Factor de reducci\u00f3n de las fuerzas s\u00edsmicas en edificios de p\u00f3rticos de hormig\u00f3n armado en Cuba. <a href=\"http:\/\/www.cenais.cu\/productos\/publicaciones\/TESIS\/DOCTORADOS\/TESIS DOCTORAL-Grisel Morej\u00f3n.pdf\" target=\"_blank\" rel=\"noreferrer noopener\">PDF<\/a><\/p>\n<\/div>\n<\/div>\n\n\n\n<div class=\"wp-block-columns is-layout-flex wp-container-core-columns-is-layout-9d6595d7 wp-block-columns-is-layout-flex\">\n<div class=\"wp-block-column is-layout-flow wp-block-column-is-layout-flow\" style=\"flex-basis:33.33%\">\n<p>Sandra Yanetsy Rosabal Dom\u00ednguez. 2018<\/p>\n<\/div>\n\n\n\n<div class=\"wp-block-column is-layout-flow wp-block-column-is-layout-flow\" style=\"flex-basis:66.66%\">\n<p>Evaluaci\u00f3n de peligros de deslizamientos y licuefacci\u00f3n de suelos, inducidos por la actividad s\u00edsmica, en Cuba suroriental. <a href=\"http:\/\/www.cenais.cu\/productos\/publicaciones\/TESIS\/DOCTORADOS\/TESIS DOCTORAL-Sandra Rosabal.pdf\" target=\"_blank\" rel=\"noreferrer noopener\">PDF<\/a><\/p>\n<\/div>\n<\/div>\n\n\n\n<p><\/p>\n\n\n\n<p><strong>Maestr\u00edas<\/strong><\/p>\n\n\n\n<p><\/p>\n\n\n\n<div class=\"wp-block-columns is-layout-flex wp-container-core-columns-is-layout-9d6595d7 wp-block-columns-is-layout-flex\">\n<div class=\"wp-block-column is-layout-flow wp-block-column-is-layout-flow\" style=\"flex-basis:33.33%\">\n<p>Zulima C. Rivera \u00c1lvarez. 1999<\/p>\n<\/div>\n\n\n\n<div class=\"wp-block-column is-layout-flow wp-block-column-is-layout-flow\" style=\"flex-basis:66.66%\">\n<p>Riesgo s\u00edsmico para el planeamiento urbano de la Ciudad de Bayamo. <a href=\"http:\/\/www.cenais.cu\/productos\/publicaciones\/TESIS\/MAESTRIAS\/TESIS MAESTR\u00cdA-Zulima Rivera.pdf\" target=\"_blank\" rel=\"noreferrer noopener\">PDF<\/a><\/p>\n<\/div>\n<\/div>\n\n\n\n<div class=\"wp-block-columns is-layout-flex wp-container-core-columns-is-layout-9d6595d7 wp-block-columns-is-layout-flex\">\n<div class=\"wp-block-column is-layout-flow wp-block-column-is-layout-flow\" style=\"flex-basis:33.33%\">\n<p>B\u00e1rbara Fern\u00e1ndez\u00a0 Melian. 1999<\/p>\n<\/div>\n\n\n\n<div class=\"wp-block-column is-layout-flow wp-block-column-is-layout-flow\" style=\"flex-basis:66.66%\">\n<p>Estudio de la posibilidad de ocurrencia del fen\u00f3meno de licuefacci\u00f3n en la cuenca de Santiago de Cuba. <a href=\"http:\/\/www.cenais.cu\/productos\/publicaciones\/TESIS\/MAESTRIAS\/TESIS MAESTR\u00cdA-B\u00e1rbara Fern\u00e1ndez.pdf\" target=\"_blank\" rel=\"noreferrer noopener\">PDF<\/a><\/p>\n<\/div>\n<\/div>\n\n\n\n<div class=\"wp-block-columns is-layout-flex wp-container-core-columns-is-layout-9d6595d7 wp-block-columns-is-layout-flex\">\n<div class=\"wp-block-column is-layout-flow wp-block-column-is-layout-flow\" style=\"flex-basis:33.33%\">\n<p>Carmen Rosa Reyes P\u00e9rez. 2002<\/p>\n<\/div>\n\n\n\n<div class=\"wp-block-column is-layout-flow wp-block-column-is-layout-flow\" style=\"flex-basis:66.66%\">\n<p>Peligro geol\u00f3gico por deslizamientos en la ciudad de Santiago de Cuba y sus alrededores. Escala 1:25 000. <a href=\"http:\/\/www.cenais.cu\/productos\/publicaciones\/TESIS\/MAESTRIAS\/TESIS MAESTR\u00cdA-Carmen Reyes.pdf\" target=\"_blank\" rel=\"noreferrer noopener\">PDF<\/a><\/p>\n<\/div>\n<\/div>\n\n\n\n<div class=\"wp-block-columns is-layout-flex wp-container-core-columns-is-layout-9d6595d7 wp-block-columns-is-layout-flex\">\n<div class=\"wp-block-column is-layout-flow wp-block-column-is-layout-flow\" style=\"flex-basis:33.33%\">\n<p>Griselda Despaigne Longchamp. 2002<\/p>\n<\/div>\n\n\n\n<div class=\"wp-block-column is-layout-flow wp-block-column-is-layout-flow\" style=\"flex-basis:66.66%\">\n<p>Estimados de peligrosidad s\u00edsmica de la regi\u00f3n suroriental de cuba, utilizando un nuevo esquema de zonas sismog\u00e9nicas en un sector\u00a0 de la falla transformante Oriente. <a href=\"http:\/\/www.cenais.cu\/productos\/publicaciones\/TESIS\/MAESTRIAS\/TESIS MAESTR\u00cdA-Griselda Despaigne.pdf\" target=\"_blank\" rel=\"noreferrer noopener\">PDF<\/a><\/p>\n<\/div>\n<\/div>\n\n\n\n<div class=\"wp-block-columns is-layout-flex wp-container-core-columns-is-layout-9d6595d7 wp-block-columns-is-layout-flex\">\n<div class=\"wp-block-column is-layout-flow wp-block-column-is-layout-flow\" style=\"flex-basis:33.33%\">\n<p>Sandra Yanetsy Rosabal Dom\u00ednguez. 2003<\/p>\n<\/div>\n\n\n\n<div class=\"wp-block-column is-layout-flow wp-block-column-is-layout-flow\" style=\"flex-basis:66.66%\">\n<p>Estudio de los Impactos Negativos, asociados a fen\u00f3menos inducidos de la actividad s\u00edsmica, en la zona costera al norte de la bah\u00eda de Santiago de Cuba. <a href=\"http:\/\/www.cenais.cu\/productos\/publicaciones\/TESIS\/MAESTRIAS\/TESIS MAESTR\u00cdA-Sandra Rosabal.pdf\" target=\"_blank\" rel=\"noreferrer noopener\">PDF<\/a><\/p>\n<\/div>\n<\/div>\n\n\n\n<div class=\"wp-block-columns is-layout-flex wp-container-core-columns-is-layout-9d6595d7 wp-block-columns-is-layout-flex\">\n<div class=\"wp-block-column is-layout-flow wp-block-column-is-layout-flow\" style=\"flex-basis:33.33%\">\n<p>Avelina Idalmis Fern\u00e1ndez Heredia. 2005<\/p>\n<\/div>\n\n\n\n<div class=\"wp-block-column is-layout-flow wp-block-column-is-layout-flow\" style=\"flex-basis:66.66%\">\n<p>Estudio de atenuaci\u00f3n de las ondas s\u00edsmicas en el noroeste de Baja California. <a href=\"http:\/\/www.cenais.cu\/productos\/publicaciones\/TESIS\/MAESTRIAS\/TESIS MAESTR\u00cdA-Idalmis Fern\u00e1ndez.pdf\" target=\"_blank\" rel=\"noreferrer noopener\">PDF<\/a><\/p>\n<\/div>\n<\/div>\n\n\n\n<div class=\"wp-block-columns is-layout-flex wp-container-core-columns-is-layout-9d6595d7 wp-block-columns-is-layout-flex\">\n<div class=\"wp-block-column is-layout-flow wp-block-column-is-layout-flow\" style=\"flex-basis:33.33%\">\n<p>Madelin Villal\u00f3n Semanat. 2007<\/p>\n<\/div>\n\n\n\n<div class=\"wp-block-column is-layout-flow wp-block-column-is-layout-flow\" style=\"flex-basis:66.66%\">\n<p>Landslide risk assessment at local level in Cuba. <a href=\"http:\/\/www.cenais.cu\/productos\/publicaciones\/TESIS\/MAESTRIAS\/TESIS MAESTR\u00cdA-Madelin Villalon.pdf\" target=\"_blank\" rel=\"noreferrer noopener\">PDF<\/a><\/p>\n<\/div>\n<\/div>\n\n\n\n<div class=\"wp-block-columns is-layout-flex wp-container-core-columns-is-layout-9d6595d7 wp-block-columns-is-layout-flex\">\n<div class=\"wp-block-column is-layout-flow wp-block-column-is-layout-flow\" style=\"flex-basis:33.33%\">\n<p>Eberto Lu\u00eds Hern\u00e1ndez Suros. 2011<\/p>\n<\/div>\n\n\n\n<div class=\"wp-block-column is-layout-flow wp-block-column-is-layout-flow\" style=\"flex-basis:66.66%\">\n<p>Gu\u00eda metodol\u00f3gica para el an\u00e1lisis\u00a0 y gesti\u00f3n de los riesgos naturales en el municipio Pil\u00f3n, provincia Granma. <a href=\"http:\/\/www.cenais.cu\/productos\/publicaciones\/TESIS\/MAESTRIAS\/TESIS MAESTR\u00cdA-Eberto Henandez.pdf\" target=\"_blank\" rel=\"noreferrer noopener\">PDF<\/a><\/p>\n<\/div>\n<\/div>\n\n\n\n<div class=\"wp-block-columns is-layout-flex wp-container-core-columns-is-layout-9d6595d7 wp-block-columns-is-layout-flex\">\n<div class=\"wp-block-column is-layout-flow wp-block-column-is-layout-flow\" style=\"flex-basis:33.33%\">\n<p>Luis Felipe Caballero Cornier. 2017<\/p>\n<\/div>\n\n\n\n<div class=\"wp-block-column is-layout-flow wp-block-column-is-layout-flow\" style=\"flex-basis:66.66%\">\n<p>Procedimiento para la estimaci\u00f3n del comportamiento del suelo ante fuerzas din\u00e1micas. Caso de estudio: EMCOMED. <a href=\"http:\/\/www.cenais.cu\/productos\/publicaciones\/TESIS\/MAESTRIAS\/TESIS MAESTR\u00cdA-Luis Felipe Caballero.pdf\" target=\"_blank\" rel=\"noreferrer noopener\">PDF<\/a><\/p>\n<\/div>\n<\/div>\n\n\n\n<div class=\"wp-block-columns is-layout-flex wp-container-core-columns-is-layout-9d6595d7 wp-block-columns-is-layout-flex\">\n<div class=\"wp-block-column is-layout-flow wp-block-column-is-layout-flow\" style=\"flex-basis:33.33%\">\n<p>Viana Poveda Brossard. 2018<\/p>\n<\/div>\n\n\n\n<div class=\"wp-block-column is-layout-flow wp-block-column-is-layout-flow\" style=\"flex-basis:66.66%\">\n<p>An\u00e1lisis del ruido s\u00edsmico en el Servicio Sismol\u00f3gico Nacional Cubano. <a href=\"http:\/\/www.cenais.cu\/productos\/publicaciones\/TESIS\/MAESTRIAS\/TESIS MAESTR\u00cdA-Viana Poveda.pdf\" target=\"_blank\" rel=\"noreferrer noopener\">PDF<\/a><\/p>\n<\/div>\n<\/div>\n\n\n\n<div class=\"wp-block-columns is-layout-flex wp-container-core-columns-is-layout-9d6595d7 wp-block-columns-is-layout-flex\">\n<div class=\"wp-block-column is-layout-flow wp-block-column-is-layout-flow\" style=\"flex-basis:33.33%\">\n<p>Fidel Alejandro Lora Alonso. 2018<\/p>\n<\/div>\n\n\n\n<div class=\"wp-block-column is-layout-flow wp-block-column-is-layout-flow\" style=\"flex-basis:66.66%\">\n<p>Evaluaci\u00f3n del desempe\u00f1o de un edificio de vivienda de 3 niveles construido con mamposter\u00eda reforzada en Santiago de Cuba. <a href=\"http:\/\/www.cenais.cu\/productos\/publicaciones\/TESIS\/MAESTRIAS\/TESIS MAESTR\u00cdA-Fidel Lora.pdf\" target=\"_blank\" rel=\"noreferrer noopener\">PDF<\/a><\/p>\n<\/div>\n<\/div>\n\n\n\n<div class=\"wp-block-columns is-layout-flex wp-container-core-columns-is-layout-9d6595d7 wp-block-columns-is-layout-flex\">\n<div class=\"wp-block-column is-layout-flow wp-block-column-is-layout-flow\" style=\"flex-basis:33.33%\">\n<p>Gabriel Salazar Carbonell. 2019<\/p>\n<\/div>\n\n\n\n<div class=\"wp-block-column is-layout-flow wp-block-column-is-layout-flow\" style=\"flex-basis:66.66%\">\n<p>An\u00e1lisis de las caracter\u00edsticas morfoestructurales de la falla Mar Verde-El Cristo, en la cuenca Santiago de Cuba. <a href=\"http:\/\/www.cenais.cu\/productos\/publicaciones\/TESIS\/MAESTRIAS\/TESIS MAESTR\u00cdA-Gabriel Salazar.pdf\" target=\"_blank\" rel=\"noreferrer noopener\">PDF<\/a><\/p>\n<\/div>\n<\/div>\n","protected":false},"excerpt":{"rendered":"<p>Doctorados Jos\u00e9 Alejandro Zapata Balanqu\u00e9. 1996. Utilizaci\u00f3n\u00a0 de variantes metodol\u00f3gicas de microzonificaci\u00f3n s\u00edsmica en la ciudad de Santiago de Cuba. PDF Tom\u00e1s Jacinto Chuy Rodr\u00edguez. 1999 Macros\u00edsmica de Cuba y su aplicaci\u00f3n en los estimados de peligrosidad y microzonaci\u00f3n s\u00edsmica. PDF Bladimir Moreno Toir\u00e1n. 2002 Crustal structure and seismicity of Cuba and Web-based applications for [&hellip;]<\/p>\n","protected":false},"author":2,"featured_media":0,"parent":0,"menu_order":0,"comment_status":"closed","ping_status":"closed","template":"","meta":{"footnotes":""},"class_list":["post-1261","page","type-page","status-publish","hentry"],"_links":{"self":[{"href":"https:\/\/www.cenais.gob.cu\/cenais\/index.php?rest_route=\/wp\/v2\/pages\/1261","targetHints":{"allow":["GET"]}}],"collection":[{"href":"https:\/\/www.cenais.gob.cu\/cenais\/index.php?rest_route=\/wp\/v2\/pages"}],"about":[{"href":"https:\/\/www.cenais.gob.cu\/cenais\/index.php?rest_route=\/wp\/v2\/types\/page"}],"author":[{"embeddable":true,"href":"https:\/\/www.cenais.gob.cu\/cenais\/index.php?rest_route=\/wp\/v2\/users\/2"}],"replies":[{"embeddable":true,"href":"https:\/\/www.cenais.gob.cu\/cenais\/index.php?rest_route=%2Fwp%2Fv2%2Fcomments&post=1261"}],"version-history":[{"count":6,"href":"https:\/\/www.cenais.gob.cu\/cenais\/index.php?rest_route=\/wp\/v2\/pages\/1261\/revisions"}],"predecessor-version":[{"id":1270,"href":"https:\/\/www.cenais.gob.cu\/cenais\/index.php?rest_route=\/wp\/v2\/pages\/1261\/revisions\/1270"}],"wp:attachment":[{"href":"https:\/\/www.cenais.gob.cu\/cenais\/index.php?rest_route=%2Fwp%2Fv2%2Fmedia&parent=1261"}],"curies":[{"name":"wp","href":"https:\/\/api.w.org\/{rel}","templated":true}]}}