{"id":1195,"date":"2021-06-01T14:53:33","date_gmt":"2021-06-01T14:53:33","guid":{"rendered":"http:\/\/www.cenais.cu\/cenais\/?page_id=1195"},"modified":"2021-12-13T15:52:02","modified_gmt":"2021-12-13T15:52:02","slug":"informacion-del-personal","status":"publish","type":"page","link":"https:\/\/www.cenais.gob.cu\/cenais\/?page_id=1195","title":{"rendered":"Informaci\u00f3n del Personal"},"content":{"rendered":"\n<p><strong>Doctores<\/strong><\/p>\n\n\n\n<span class=\"collapseomatic \" id=\"id69f7421c102ae\"  tabindex=\"0\" title=\"O&#039;Leary F. Gonz\u00e1lez Matos\"    >O'Leary F. Gonz\u00e1lez Matos<\/span><div id=\"target-id69f7421c102ae\" class=\"collapseomatic_content \">\n\n\n\n<div class=\"wp-block-columns is-layout-flex wp-container-core-columns-is-layout-9d6595d7 wp-block-columns-is-layout-flex\">\n<div class=\"wp-block-column is-layout-flow wp-block-column-is-layout-flow\">\n<figure class=\"wp-block-image size-large\"><a href=\"http:\/\/www.cenais.cu\/cenais\/wp-content\/uploads\/2021\/06\/Oleary.jpg\"><img loading=\"lazy\" decoding=\"async\" width=\"128\" height=\"142\" src=\"http:\/\/www.cenais.cu\/cenais\/wp-content\/uploads\/2021\/06\/Oleary.jpg\" alt=\"\" class=\"wp-image-1198\"\/><\/a><\/figure>\n\n\n\n<p>ORCID: <a rel=\"noreferrer noopener\" href=\"https:\/\/orcid.org\/0000-0003-0810-3656\" target=\"_blank\">0000-0003-0810-3656<\/a><\/p>\n\n\n\n<p><a rel=\"noreferrer noopener\" href=\"https:\/\/scholar.google.com\/citations?user=6trb0ckAAAAJ&amp;hl=es&amp;authuser=1\" target=\"_blank\">Google-Acad\u00e9mico \u00edndice h:<\/a> 6<\/p>\n\n\n\n<p><a rel=\"noreferrer noopener\" href=\"http:\/\/www.cenais.cu\/investigadores\/CV_O'Leary Gonz\u00e1lez.pdf\" target=\"_blank\">Dowload CV<\/a><\/p>\n<\/div>\n\n\n\n<div class=\"wp-block-column is-layout-flow wp-block-column-is-layout-flow\">\n<p>O\u2019Leary Fernando Gonz\u00e1lez Matos<\/p>\n\n\n\n<p>Licenciatura en Matem\u00e1tica<\/p>\n\n\n\n<p>Doctor en Ciencias Geof\u00edsicas<\/p>\n\n\n\n<p>Investigador Titular<\/p>\n\n\n\n<p>Profesor Auxiliar<\/p>\n\n\n\n<p><a href=\"mailto:oleary@cenais.cu\">oleary@cenais.cu<\/a><\/p>\n<\/div>\n<\/div>\n\n\n\n<\/div>\n\n\n\n<p><\/p>\n\n\n\n<span class=\"collapseomatic \" id=\"id69f7421c1036f\"  tabindex=\"0\" title=\"Enrique D. Arango Arias\"    >Enrique D. Arango Arias<\/span><div id=\"target-id69f7421c1036f\" class=\"collapseomatic_content \">\n\n\n\n<div class=\"wp-block-columns is-layout-flex wp-container-core-columns-is-layout-9d6595d7 wp-block-columns-is-layout-flex\">\n<div class=\"wp-block-column is-layout-flow wp-block-column-is-layout-flow\">\n<figure class=\"wp-block-image size-large\"><a href=\"http:\/\/www.cenais.cu\/cenais\/wp-content\/uploads\/2021\/06\/Arango.jpg\"><img loading=\"lazy\" decoding=\"async\" width=\"136\" height=\"154\" src=\"http:\/\/www.cenais.cu\/cenais\/wp-content\/uploads\/2021\/06\/Arango.jpg\" alt=\"\" class=\"wp-image-1199\"\/><\/a><\/figure>\n\n\n\n<p>ORCID: <a rel=\"noreferrer noopener\" href=\"https:\/\/orcid.org\/0000-0001-6035-3121\" target=\"_blank\">0000-0001-6035-3121<\/a><\/p>\n\n\n\n<p><a rel=\"noreferrer noopener\" href=\"\/investigadores\/CV_Enrique Arango.pdf\" target=\"_blank\">Dowload CV<\/a><\/p>\n<\/div>\n\n\n\n<div class=\"wp-block-column is-layout-flow wp-block-column-is-layout-flow\">\n<p>Enrique Diego Arango Arias<\/p>\n\n\n\n<p>Ingeniero Ge\u00f3logo<\/p>\n\n\n\n<p>Doctor en Ciencias de la Tierra<\/p>\n\n\n\n<p>Investigador Agregado<\/p>\n\n\n\n<p>Profesor Titular<\/p>\n\n\n\n<p><a href=\"mailto:earango@cenais.cu\">earango@cenais.cu<\/a><\/p>\n<\/div>\n<\/div>\n\n\n\n<\/div>\n\n\n\n<p><\/p>\n\n\n\n<span class=\"collapseomatic \" id=\"id69f7421c1039f\"  tabindex=\"0\" title=\"Grisel Morej\u00f3n Blanco\"    >Grisel Morej\u00f3n Blanco<\/span><div id=\"target-id69f7421c1039f\" class=\"collapseomatic_content \">\n\n\n\n<div class=\"wp-block-columns is-layout-flex wp-container-core-columns-is-layout-9d6595d7 wp-block-columns-is-layout-flex\">\n<div class=\"wp-block-column is-layout-flow wp-block-column-is-layout-flow\">\n<figure class=\"wp-block-image size-large\"><a href=\"http:\/\/www.cenais.cu\/cenais\/wp-content\/uploads\/2021\/06\/grisel.jpg\"><img loading=\"lazy\" decoding=\"async\" width=\"173\" height=\"173\" src=\"http:\/\/www.cenais.cu\/cenais\/wp-content\/uploads\/2021\/06\/grisel.jpg\" alt=\"\" class=\"wp-image-1207\" srcset=\"https:\/\/www.cenais.gob.cu\/cenais\/wp-content\/uploads\/2021\/06\/grisel.jpg 173w, https:\/\/www.cenais.gob.cu\/cenais\/wp-content\/uploads\/2021\/06\/grisel-150x150.jpg 150w, https:\/\/www.cenais.gob.cu\/cenais\/wp-content\/uploads\/2021\/06\/grisel-70x70.jpg 70w\" sizes=\"auto, (max-width: 173px) 100vw, 173px\" \/><\/a><\/figure>\n\n\n\n<p>ORCID: <a rel=\"noreferrer noopener\" href=\"https:\/\/orcid.org\/0000-0001-7772-876X\" target=\"_blank\">0000-0001-7772-876X<\/a><\/p>\n\n\n\n<p><a href=\"http:\/\/www.cenais.cu\/investigadores\/CV_Grisel Morej\u00f3n.pdf\" target=\"_blank\" rel=\"noreferrer noopener\">Dowload CV<\/a><\/p>\n<\/div>\n\n\n\n<div class=\"wp-block-column is-layout-flow wp-block-column-is-layout-flow\">\n<p>Grisel Morej\u00f3n Blanco<\/p>\n\n\n\n<p>Ingeniera Civil<\/p>\n\n\n\n<p>Doctor en Ciencias T\u00e9cnicas<\/p>\n\n\n\n<p>Investigador Auxiliar<\/p>\n\n\n\n<p>Profesor Auxiliar<\/p>\n\n\n\n<p><a href=\"mailto:grisel@cenais.cu\">grisel@cenais.cu<\/a><\/p>\n<\/div>\n<\/div>\n\n\n\n<\/div>\n\n\n\n<p><\/p>\n\n\n\n<span class=\"collapseomatic \" id=\"id69f7421c103bf\"  tabindex=\"0\" title=\"Bladimir Moreno Toir\u00e1n\"    >Bladimir Moreno Toir\u00e1n<\/span><div id=\"target-id69f7421c103bf\" class=\"collapseomatic_content \">\n\n\n\n<div class=\"wp-block-columns is-layout-flex wp-container-core-columns-is-layout-9d6595d7 wp-block-columns-is-layout-flex\">\n<div class=\"wp-block-column is-layout-flow wp-block-column-is-layout-flow\">\n<figure class=\"wp-block-image size-large\"><a href=\"http:\/\/www.cenais.cu\/cenais\/wp-content\/uploads\/2021\/06\/Bladimir.jpg\"><img loading=\"lazy\" decoding=\"async\" width=\"157\" height=\"157\" src=\"http:\/\/www.cenais.cu\/cenais\/wp-content\/uploads\/2021\/06\/Bladimir.jpg\" alt=\"\" class=\"wp-image-1202\" srcset=\"https:\/\/www.cenais.gob.cu\/cenais\/wp-content\/uploads\/2021\/06\/Bladimir.jpg 157w, https:\/\/www.cenais.gob.cu\/cenais\/wp-content\/uploads\/2021\/06\/Bladimir-150x150.jpg 150w, https:\/\/www.cenais.gob.cu\/cenais\/wp-content\/uploads\/2021\/06\/Bladimir-70x70.jpg 70w\" sizes=\"auto, (max-width: 157px) 100vw, 157px\" \/><\/a><\/figure>\n\n\n\n<p>ORCID: <a rel=\"noreferrer noopener\" href=\"https:\/\/orcid.org\/0000-0002-7830-5184\" target=\"_blank\">0000-0002-7830-5184<\/a><\/p>\n\n\n\n<p><a rel=\"noreferrer noopener\" href=\"https:\/\/scholar.google.com\/citations?user=r7MgUzwAAAAJ&amp;hl=es&amp;oi=ao\" target=\"_blank\">Google-Acad\u00e9mico \u00edndice h:<\/a> 9<\/p>\n\n\n\n<p><a rel=\"noreferrer noopener\" href=\"http:\/\/www.cenais.cu\/investigadores\/CV_Bladimir_Moreno_Toiran.pdf\" target=\"_blank\">Dowload CV<\/a><\/p>\n<\/div>\n\n\n\n<div class=\"wp-block-column is-layout-flow wp-block-column-is-layout-flow\">\n<p>Bladimir Moreno Toir\u00e1n<\/p>\n\n\n\n<p>Licenciado en Cibern\u00e9tica Matem\u00e1tica<\/p>\n\n\n\n<p>Doctor en Ciencias (Sismolog\u00eda)<\/p>\n\n\n\n<p>Investigador Auxiliar<\/p>\n\n\n\n<p><a href=\"mailto:bladimir@cenais.cu\">bladimir@cenais.cu<\/a><\/p>\n<\/div>\n<\/div>\n\n\n\n<\/div>\n\n\n\n<p><\/p>\n\n\n\n<span class=\"collapseomatic \" id=\"id69f7421c103dc\"  tabindex=\"0\" title=\"Tom\u00e1s J. Chuy Rodr\u00edguez\"    >Tom\u00e1s J. Chuy Rodr\u00edguez<\/span><div id=\"target-id69f7421c103dc\" class=\"collapseomatic_content \">\n\n\n\n<div class=\"wp-block-columns is-layout-flex wp-container-core-columns-is-layout-9d6595d7 wp-block-columns-is-layout-flex\">\n<div class=\"wp-block-column is-layout-flow wp-block-column-is-layout-flow\">\n<figure class=\"wp-block-image size-large\"><a href=\"http:\/\/www.cenais.cu\/cenais\/wp-content\/uploads\/2021\/06\/Chuy.jpg\"><img loading=\"lazy\" decoding=\"async\" width=\"140\" height=\"140\" src=\"http:\/\/www.cenais.cu\/cenais\/wp-content\/uploads\/2021\/06\/Chuy.jpg\" alt=\"\" class=\"wp-image-1203\" srcset=\"https:\/\/www.cenais.gob.cu\/cenais\/wp-content\/uploads\/2021\/06\/Chuy.jpg 140w, https:\/\/www.cenais.gob.cu\/cenais\/wp-content\/uploads\/2021\/06\/Chuy-70x70.jpg 70w\" sizes=\"auto, (max-width: 140px) 100vw, 140px\" \/><\/a><\/figure>\n\n\n\n<p>ORCID: <a href=\"https:\/\/orcid.org\/0000-0003-1452-0683\">0000-0003-1452-0683<\/a><\/p>\n\n\n\n<p><a href=\"https:\/\/scholar.google.com\/citations?hl=es&amp;authuser=1&amp;user=F2JUSScAAAAJ\" target=\"_blank\" rel=\"noreferrer noopener\">Google-Acad\u00e9mico \u00edndice h:<\/a> 4<\/p>\n\n\n\n<p><a rel=\"noreferrer noopener\" href=\"http:\/\/www.cenais.cu\/investigadores\/CV_Tom\u00e1s Chuy.pdf\" target=\"_blank\">Dowload CV<\/a><\/p>\n<\/div>\n\n\n\n<div class=\"wp-block-column is-layout-flow wp-block-column-is-layout-flow\">\n<p>Tom\u00e1s Jacinto Chuy Rodr\u00edguez.<\/p>\n\n\n\n<p>Licenciado en F\u00edsica<\/p>\n\n\n\n<p>Doctor en Ciencias Geof\u00edsicas<\/p>\n\n\n\n<p>Investigador Titular, Acad\u00e9mico Titular<\/p>\n\n\n\n<p>Profesor Titular<\/p>\n\n\n\n<p><a href=\"mailto:chuy@cenais.cu\">chuy@cenais.cu<\/a><\/p>\n<\/div>\n<\/div>\n\n\n\n<\/div>\n\n\n\n<p><\/p>\n\n\n\n<span class=\"collapseomatic \" id=\"id69f7421c103f5\"  tabindex=\"0\" title=\"Dar\u00edo Candebat S\u00e1nchez\"    >Dar\u00edo Candebat S\u00e1nchez<\/span><div id=\"target-id69f7421c103f5\" class=\"collapseomatic_content \">\n\n\n\n<div class=\"wp-block-columns is-layout-flex wp-container-core-columns-is-layout-9d6595d7 wp-block-columns-is-layout-flex\">\n<div class=\"wp-block-column is-layout-flow wp-block-column-is-layout-flow\">\n<figure class=\"wp-block-image size-large\"><a href=\"http:\/\/www.cenais.cu\/cenais\/wp-content\/uploads\/2021\/06\/Dario.jpg\"><img loading=\"lazy\" decoding=\"async\" width=\"145\" height=\"160\" src=\"http:\/\/www.cenais.cu\/cenais\/wp-content\/uploads\/2021\/06\/Dario.jpg\" alt=\"\" class=\"wp-image-1204\"\/><\/a><\/figure>\n\n\n\n<p>ORCID: <a rel=\"noreferrer noopener\" href=\"https:\/\/orcid.org\/0000-0002-0066-4937\" target=\"_blank\">0000-0002-0066-4937<\/a><\/p>\n\n\n\n<p><a href=\"http:\/\/www.cenais.cu\/investigadores\/CV_Dar\u00edo Candebat.pdf\" target=\"_blank\" rel=\"noreferrer noopener\">Dowload CV<\/a><\/p>\n<\/div>\n\n\n\n<div class=\"wp-block-column is-layout-flow wp-block-column-is-layout-flow\">\n<p>Dar\u00edo Candebat S\u00e1nchez<\/p>\n\n\n\n<p>Ingeniero Civil<\/p>\n\n\n\n<p>Doctor en Ciencias T\u00e9cnicas<\/p>\n\n\n\n<p>Investigador Titular<\/p>\n\n\n\n<p>Profesor Titular<\/p>\n\n\n\n<p><a href=\"mailto:dario@cenais.cu\">dario@cenais.cu<\/a><\/p>\n<\/div>\n<\/div>\n\n\n\n<\/div>\n\n\n\n<p><\/p>\n\n\n\n<span class=\"collapseomatic \" id=\"id69f7421c1040e\"  tabindex=\"0\" title=\"Eduardo R. Diez Zald\u00edvar\"    >Eduardo R. Diez Zald\u00edvar<\/span><div id=\"target-id69f7421c1040e\" class=\"collapseomatic_content \">\n\n\n\n<div class=\"wp-block-columns is-layout-flex wp-container-core-columns-is-layout-9d6595d7 wp-block-columns-is-layout-flex\">\n<div class=\"wp-block-column is-layout-flow wp-block-column-is-layout-flow\">\n<figure class=\"wp-block-image size-large\"><a href=\"http:\/\/www.cenais.cu\/cenais\/wp-content\/uploads\/2021\/06\/Eduardo.jpg\"><img loading=\"lazy\" decoding=\"async\" width=\"159\" height=\"170\" src=\"http:\/\/www.cenais.cu\/cenais\/wp-content\/uploads\/2021\/06\/Eduardo.jpg\" alt=\"\" class=\"wp-image-1211\"\/><\/a><\/figure>\n\n\n\n<p>ORCID: <a rel=\"noreferrer noopener\" href=\"https:\/\/orcid.org\/0000-0002-1323-8451\" target=\"_blank\">0000-0002-1323-8451<\/a><\/p>\n\n\n\n<p><a href=\"http:\/\/www.cenais.cu\/investigadores\/CV_Eduardo Diez.pdf\" target=\"_blank\" rel=\"noreferrer noopener\">Dowload CV<\/a><\/p>\n<\/div>\n\n\n\n<div class=\"wp-block-column is-layout-flow wp-block-column-is-layout-flow\">\n<p>Eduardo Rafael Diez Zald\u00edvar<\/p>\n\n\n\n<p>Ingeniero en Electr\u00f3nica<\/p>\n\n\n\n<p>Doctor en Ciencias especialidad en Autom\u00e1tica y Computaci\u00f3n<\/p>\n\n\n\n<p>Investigador Auxiliar<\/p>\n\n\n\n<p>Tecn\u00f3logo Primer Nivel<\/p>\n\n\n\n<p>Profesor Instructor<\/p>\n\n\n\n<p><a href=\"mailto:diez@cenais.cu\">diez@cenais.cu<\/a><\/p>\n<\/div>\n<\/div>\n\n\n\n<\/div>\n\n\n\n<p><\/p>\n\n\n\n<span class=\"collapseomatic \" id=\"id69f7421c10426\"  tabindex=\"0\" title=\"Sandra Y. Rosabal Dom\u00ednguez\"    >Sandra Y. Rosabal Dom\u00ednguez<\/span><div id=\"target-id69f7421c10426\" class=\"collapseomatic_content \">\n\n\n\n<div class=\"wp-block-columns is-layout-flex wp-container-core-columns-is-layout-9d6595d7 wp-block-columns-is-layout-flex\">\n<div class=\"wp-block-column is-layout-flow wp-block-column-is-layout-flow\">\n<figure class=\"wp-block-image size-large\"><a href=\"http:\/\/www.cenais.cu\/cenais\/wp-content\/uploads\/2021\/06\/Sandra.jpg\"><img loading=\"lazy\" decoding=\"async\" width=\"167\" height=\"161\" src=\"http:\/\/www.cenais.cu\/cenais\/wp-content\/uploads\/2021\/06\/Sandra.jpg\" alt=\"\" class=\"wp-image-1212\"\/><\/a><\/figure>\n\n\n\n<p>ORCID: <a rel=\"noreferrer noopener\" href=\"https:\/\/orcid.org\/0000-0002-1233-1101\" target=\"_blank\">0000-0002-1233-1101<\/a><\/p>\n\n\n\n<p><a href=\"https:\/\/scholar.google.com\/citations?hl=es&amp;authuser=1&amp;user=naCNh5IAAAAJ\" target=\"_blank\" rel=\"noreferrer noopener\">Google-Acad\u00e9mico \u00edndice h:<\/a> 2<\/p>\n\n\n\n<p><a rel=\"noreferrer noopener\" href=\"http:\/\/www.cenais.cu\/investigadores\/CV_Sandra Rosabal.pdf\" target=\"_blank\">Dowload CV<\/a><\/p>\n<\/div>\n\n\n\n<div class=\"wp-block-column is-layout-flow wp-block-column-is-layout-flow\">\n<p>Sandra Yanetsy Rosabal Dom\u00ednguez<\/p>\n\n\n\n<p>Ingeniera Ge\u00f3loga<\/p>\n\n\n\n<p>Doctora en Ciencias Geol\u00f3gicas<\/p>\n\n\n\n<p>Investigador Auxiliar<\/p>\n\n\n\n<p><a href=\"mailto:sandra@cenais.cu\">sandra@cenais.cu<\/a><\/p>\n<\/div>\n<\/div>\n\n\n\n<\/div>\n\n\n\n<p><\/p>\n\n\n\n<span class=\"collapseomatic \" id=\"id69f7421c1043d\"  tabindex=\"0\" title=\"Antonio Salgado Castillo\"    >Antonio Salgado Castillo<\/span><div id=\"target-id69f7421c1043d\" class=\"collapseomatic_content \">\n\n\n\n<div class=\"wp-block-columns is-layout-flex wp-container-core-columns-is-layout-9d6595d7 wp-block-columns-is-layout-flex\">\n<div class=\"wp-block-column is-layout-flow wp-block-column-is-layout-flow\">\n<figure class=\"wp-block-image size-large\"><a href=\"http:\/\/www.cenais.cu\/cenais\/wp-content\/uploads\/2021\/06\/Antonio.jpg\"><img loading=\"lazy\" decoding=\"async\" width=\"145\" height=\"177\" src=\"http:\/\/www.cenais.cu\/cenais\/wp-content\/uploads\/2021\/06\/Antonio.jpg\" alt=\"\" class=\"wp-image-1213\"\/><\/a><\/figure>\n\n\n\n<p>ORCID: <a rel=\"noreferrer noopener\" href=\"https:\/\/orcid.org\/0000-0003-3214-7587\" target=\"_blank\">0000-0003-3214-7587<\/a><\/p>\n\n\n\n<p><a href=\"https:\/\/scholar.google.com\/citations?hl=es&amp;authuser=1&amp;user=X72KfVMAAAAJ\" target=\"_blank\" rel=\"noreferrer noopener\">Google-Acad\u00e9mico \u00edndice h:<\/a> 9<\/p>\n\n\n\n<p><a rel=\"noreferrer noopener\" href=\"http:\/\/www.cenais.cu\/investigadores\/CV_Antonio Salgado.pdf\" target=\"_blank\">Dowload CV<\/a><\/p>\n<\/div>\n\n\n\n<div class=\"wp-block-column is-layout-flow wp-block-column-is-layout-flow\">\n<p>Antonio Salgado Castillo&nbsp;<\/p>\n\n\n\n<p>Licenciado en Ciencia de la Computaci\u00f3n<\/p>\n\n\n\n<p>Doctor en Ciencias Pedag\u00f3gicas<\/p>\n\n\n\n<p>Investigador Auxiliar<\/p>\n\n\n\n<p>Profesor Asistente<\/p>\n\n\n\n<p><a href=\"mailto:asalgado@cenais.cu\">asalgado@cenais.cu<\/a><\/p>\n<\/div>\n<\/div>\n\n\n\n<\/div>\n\n\n\n<p><\/p>\n\n\n\n<span class=\"collapseomatic \" id=\"id69f7421c10454\"  tabindex=\"0\" title=\"Jos\u00e9 F. Alcaide Orp\u00ed\"    >Jos\u00e9 F. Alcaide Orp\u00ed<\/span><div id=\"target-id69f7421c10454\" class=\"collapseomatic_content \">\n\n\n\n<div class=\"wp-block-columns is-layout-flex wp-container-core-columns-is-layout-9d6595d7 wp-block-columns-is-layout-flex\">\n<div class=\"wp-block-column is-layout-flow wp-block-column-is-layout-flow\">\n<p>ORCID: <a rel=\"noreferrer noopener\" href=\"https:\/\/orcid.org\/0000-0002-4576-494X\" target=\"_blank\">0000-0002-4576-494X<\/a><\/p>\n\n\n\n<p><a href=\"http:\/\/www.cenais.cu\/investigadores\/CV_Jos\u00e9 Alcaide.pdf\" target=\"_blank\" rel=\"noreferrer noopener\">Dowload CV<\/a><\/p>\n<\/div>\n\n\n\n<div class=\"wp-block-column is-layout-flow wp-block-column-is-layout-flow\">\n<p>Jos\u00e9 Fernando Alcaide Orp\u00ed<\/p>\n\n\n\n<p>Ingeniero Ge\u00f3logo<\/p>\n\n\n\n<p>Doctor en Ciencias Geol\u00f3gicas<\/p>\n\n\n\n<p>Investigador Auxiliar<\/p>\n\n\n\n<p><a href=\"mailto:jalcaide@cenais.cu\">jalcaide@cenais.cu<\/a><\/p>\n<\/div>\n<\/div>\n\n\n\n<\/div>\n\n\n\n<p><\/p>\n\n\n\n<p><strong>Masters<\/strong><\/p>\n\n\n\n<span class=\"collapseomatic \" id=\"id69f7421c1046b\"  tabindex=\"0\" title=\"Madel\u00edn&nbsp;Villal\u00f3n Semanat\"    >Madel\u00edn&nbsp;Villal\u00f3n Semanat<\/span><div id=\"target-id69f7421c1046b\" class=\"collapseomatic_content \">\n\n\n\n<div class=\"wp-block-columns is-layout-flex wp-container-core-columns-is-layout-9d6595d7 wp-block-columns-is-layout-flex\">\n<div class=\"wp-block-column is-layout-flow wp-block-column-is-layout-flow\">\n<figure class=\"wp-block-image size-large\"><a href=\"http:\/\/www.cenais.cu\/cenais\/wp-content\/uploads\/2021\/06\/Madelin.jpg\"><img loading=\"lazy\" decoding=\"async\" width=\"160\" height=\"148\" src=\"http:\/\/www.cenais.cu\/cenais\/wp-content\/uploads\/2021\/06\/Madelin.jpg\" alt=\"\" class=\"wp-image-1216\"\/><\/a><\/figure>\n\n\n\n<p>ORCID: <a rel=\"noreferrer noopener\" href=\"https:\/\/orcid.org\/0000-0002-9367-1828\" target=\"_blank\">0000-0002-9367-1828<\/a><\/p>\n\n\n\n<p><a href=\"http:\/\/www.cenais.cu\/investigadores\/CV_Madelin Villalon.pdf\" target=\"_blank\" rel=\"noreferrer noopener\">Dowload CV<\/a><\/p>\n<\/div>\n\n\n\n<div class=\"wp-block-column is-layout-flow wp-block-column-is-layout-flow\">\n<p>Madel\u00edn Villal\u00f3n Semanat<\/p>\n\n\n\n<p>Ingeniera Geof\u00edsica<\/p>\n\n\n\n<p>M\u00e1ster en Ciencias de la Geo-informaci\u00f3n y Observaci\u00f3n de la Tierra<\/p>\n\n\n\n<p>Investigador Agregado<\/p>\n\n\n\n<p>Profesor Instructor<\/p>\n\n\n\n<p><a href=\"mailto:madelin@cenais.cu\">madelin@cenais.cu<\/a><\/p>\n<\/div>\n<\/div>\n\n\n\n<\/div>\n\n\n\n<p><\/p>\n\n\n\n<span class=\"collapseomatic \" id=\"id69f7421c10495\"  tabindex=\"0\" title=\"Zulima C. Rivera \u00c1lvarez\"    >Zulima C. Rivera \u00c1lvarez<\/span><div id=\"target-id69f7421c10495\" class=\"collapseomatic_content \">\n\n\n\n<div class=\"wp-block-columns is-layout-flex wp-container-core-columns-is-layout-9d6595d7 wp-block-columns-is-layout-flex\">\n<div class=\"wp-block-column is-layout-flow wp-block-column-is-layout-flow\">\n<figure class=\"wp-block-image size-large\"><a href=\"http:\/\/www.cenais.cu\/cenais\/wp-content\/uploads\/2021\/06\/zulima.jpg\"><img loading=\"lazy\" decoding=\"async\" width=\"149\" height=\"174\" src=\"http:\/\/www.cenais.cu\/cenais\/wp-content\/uploads\/2021\/06\/zulima.jpg\" alt=\"\" class=\"wp-image-1219\"\/><\/a><\/figure>\n\n\n\n<p>ORCID: <a rel=\"noreferrer noopener\" href=\"https:\/\/orcid.org\/0000-0001-5702-8010\" target=\"_blank\">0000-0001-5702-8010<\/a><\/p>\n\n\n\n<p><a href=\"http:\/\/www.cenais.cu\/investigadores\/CV_Zulima Rivera.pdf\" target=\"_blank\" rel=\"noreferrer noopener\">Dowload CV<\/a><\/p>\n<\/div>\n\n\n\n<div class=\"wp-block-column is-layout-flow wp-block-column-is-layout-flow\">\n<p>Zulima Caridad Rivera \u00c1lvarez<\/p>\n\n\n\n<p>Ingeniera Ge\u00f3loga<\/p>\n\n\n\n<p>Master en Ciencias Geol\u00f3gicas<\/p>\n\n\n\n<p>Investigador Auxiliar<\/p>\n\n\n\n<p>Profesor Instructor<\/p>\n\n\n\n<p><a href=\"mailto:zuli@cenais.cu\">zuli@cenais.cu<\/a><\/p>\n<\/div>\n<\/div>\n\n\n\n<\/div>\n\n\n\n<p><\/p>\n\n\n\n<span class=\"collapseomatic \" id=\"id69f7421c104ad\"  tabindex=\"0\" title=\"Kenia M. Leyva Chang\"    >Kenia M. Leyva Chang<\/span><div id=\"target-id69f7421c104ad\" class=\"collapseomatic_content \">\n\n\n\n<div class=\"wp-block-columns is-layout-flex wp-container-core-columns-is-layout-9d6595d7 wp-block-columns-is-layout-flex\">\n<div class=\"wp-block-column is-layout-flow wp-block-column-is-layout-flow\">\n<figure class=\"wp-block-image size-large\"><a href=\"http:\/\/www.cenais.cu\/cenais\/wp-content\/uploads\/2021\/06\/Kenia.jpg\"><img loading=\"lazy\" decoding=\"async\" width=\"151\" height=\"178\" src=\"http:\/\/www.cenais.cu\/cenais\/wp-content\/uploads\/2021\/06\/Kenia.jpg\" alt=\"\" class=\"wp-image-1220\"\/><\/a><\/figure>\n\n\n\n<p>ORCID:<\/p>\n\n\n\n<p><a href=\"http:\/\/www.cenais.cu\/investigadores\/CV_Kenia Leyva.pdf\" target=\"_blank\" rel=\"noreferrer noopener\">Dowload CV<\/a><\/p>\n<\/div>\n\n\n\n<div class=\"wp-block-column is-layout-flow wp-block-column-is-layout-flow\">\n<p>Kenia Mercedes Leyva Chang<\/p>\n\n\n\n<p>Ingeniera Civil<\/p>\n\n\n\n<p>Master en Ciencias en Carreteras y Puentes<\/p>\n\n\n\n<p>Investigador Auxiliar<\/p>\n\n\n\n<p>Profesor Auxiliar<\/p>\n\n\n\n<p><a href=\"mailto:kenia@cenais.cu\">kenia@cenais.cu<\/a><\/p>\n<\/div>\n<\/div>\n\n\n\n<\/div>\n\n\n\n<p><\/p>\n\n\n\n<span class=\"collapseomatic \" id=\"id69f7421c104d9\"  tabindex=\"0\" title=\"Ra\u00fal Palau Clares\"    >Ra\u00fal Palau Clares<\/span><div id=\"target-id69f7421c104d9\" class=\"collapseomatic_content \">\n\n\n\n<div class=\"wp-block-columns is-layout-flex wp-container-core-columns-is-layout-9d6595d7 wp-block-columns-is-layout-flex\">\n<div class=\"wp-block-column is-layout-flow wp-block-column-is-layout-flow\">\n<figure class=\"wp-block-image size-large\"><a href=\"http:\/\/www.cenais.cu\/cenais\/wp-content\/uploads\/2021\/06\/Palau.jpg\"><img loading=\"lazy\" decoding=\"async\" width=\"127\" height=\"128\" src=\"http:\/\/www.cenais.cu\/cenais\/wp-content\/uploads\/2021\/06\/Palau.jpg\" alt=\"\" class=\"wp-image-1256\" srcset=\"https:\/\/www.cenais.gob.cu\/cenais\/wp-content\/uploads\/2021\/06\/Palau.jpg 127w, https:\/\/www.cenais.gob.cu\/cenais\/wp-content\/uploads\/2021\/06\/Palau-70x70.jpg 70w\" sizes=\"auto, (max-width: 127px) 100vw, 127px\" \/><\/a><\/figure>\n\n\n\n<p>ORCID: <a rel=\"noreferrer noopener\" href=\"https:\/\/orcid.org\/0000-0003-3864-2159\" target=\"_blank\">0000-0003-3864-2159<\/a><\/p>\n\n\n\n<p><a rel=\"noreferrer noopener\" href=\"https:\/\/scholar.google.com\/citations?hl=es&amp;authuser=1&amp;user=Z3h-H8UAAAAJ\" target=\"_blank\">Google-Acad\u00e9mico \u00edndice h:<\/a> 2<\/p>\n\n\n\n<p><a rel=\"noreferrer noopener\" href=\"http:\/\/www.cenais.cu\/investigadores\/CV_Ra\u00fal Palau.pdf\" target=\"_blank\">Dowload CV<\/a><\/p>\n<\/div>\n\n\n\n<div class=\"wp-block-column is-layout-flow wp-block-column-is-layout-flow\">\n<p>Ra\u00fal Palau Clares<\/p>\n\n\n\n<p>Licenciado en F\u00edsica<\/p>\n\n\n\n<p>Master en Ciencias de la Computaci\u00f3n<\/p>\n\n\n\n<p>Investigador Auxiliar<\/p>\n\n\n\n<p><a href=\"mailto:rpalau@cenais.cu\">rpalau@cenais.cu<\/a><\/p>\n<\/div>\n<\/div>\n\n\n\n<\/div>\n\n\n\n<p><\/p>\n\n\n\n<span class=\"collapseomatic \" id=\"id69f7421c104f9\"  tabindex=\"0\" title=\"Viana Poveda Brossard\"    >Viana Poveda Brossard<\/span><div id=\"target-id69f7421c104f9\" class=\"collapseomatic_content \">\n\n\n\n<div class=\"wp-block-columns is-layout-flex wp-container-core-columns-is-layout-9d6595d7 wp-block-columns-is-layout-flex\">\n<div class=\"wp-block-column is-layout-flow wp-block-column-is-layout-flow\">\n<figure class=\"wp-block-image size-large\"><a href=\"http:\/\/www.cenais.cu\/cenais\/wp-content\/uploads\/2021\/06\/Viana.jpg\"><img loading=\"lazy\" decoding=\"async\" width=\"112\" height=\"157\" src=\"http:\/\/www.cenais.cu\/cenais\/wp-content\/uploads\/2021\/06\/Viana.jpg\" alt=\"\" class=\"wp-image-1221\"\/><\/a><\/figure>\n\n\n\n<p>ORCID:<\/p>\n\n\n\n<p><a href=\"http:\/\/www.cenais.cu\/investigadores\/CV_Viana Poveda.pdf\" target=\"_blank\" rel=\"noreferrer noopener\">Dowload CV<\/a><\/p>\n<\/div>\n\n\n\n<div class=\"wp-block-column is-layout-flow wp-block-column-is-layout-flow\">\n<p>Viana Poveda Brossard<\/p>\n\n\n\n<p>Ingeniera Telecomunicaciones y Electr\u00f3nica<\/p>\n\n\n\n<p>Master en Ciencias en Sistemas de telecomunicaciones<\/p>\n\n\n\n<p>Tecn\u00f3loga<\/p>\n\n\n\n<p>Aspirante a Investigador<\/p>\n\n\n\n<p><a href=\"mailto:viana@cenais.cu\">viana@cenais.cu<\/a><\/p>\n<\/div>\n<\/div>\n\n\n\n<\/div>\n\n\n\n<p><\/p>\n\n\n\n<span class=\"collapseomatic \" id=\"id69f7421c1050f\"  tabindex=\"0\" title=\"Gabriel Salazar Carbonell\"    >Gabriel Salazar Carbonell<\/span><div id=\"target-id69f7421c1050f\" class=\"collapseomatic_content \">\n\n\n\n<div class=\"wp-block-columns is-layout-flex wp-container-core-columns-is-layout-9d6595d7 wp-block-columns-is-layout-flex\">\n<div class=\"wp-block-column is-layout-flow wp-block-column-is-layout-flow\">\n<figure class=\"wp-block-image size-large\"><a href=\"http:\/\/www.cenais.cu\/cenais\/wp-content\/uploads\/2021\/06\/Gabriel.jpg\"><img loading=\"lazy\" decoding=\"async\" width=\"143\" height=\"149\" src=\"http:\/\/www.cenais.cu\/cenais\/wp-content\/uploads\/2021\/06\/Gabriel.jpg\" alt=\"\" class=\"wp-image-1222\"\/><\/a><\/figure>\n\n\n\n<p>ORCID:<\/p>\n\n\n\n<p><a href=\"http:\/\/www.cenais.cu\/investigadores\/CV_Gabriel Salazar.pdf\" target=\"_blank\" rel=\"noreferrer noopener\">Dowload CV<\/a><\/p>\n<\/div>\n\n\n\n<div class=\"wp-block-column is-layout-flow wp-block-column-is-layout-flow\">\n<p>Gabriel Salazar Carbonell<\/p>\n\n\n\n<p>Ingeniero Ge\u00f3logo <\/p>\n\n\n\n<p>Master en Ciencias<\/p>\n\n\n\n<p><a href=\"mailto:gabriel@cenais.cu\">gabriel@cenais.cu<\/a><\/p>\n<\/div>\n<\/div>\n\n\n\n<\/div>\n\n\n\n<p><\/p>\n\n\n\n<span class=\"collapseomatic \" id=\"id69f7421c1052d\"  tabindex=\"0\" title=\"Eberto L. Hern\u00e1ndez Suros\"    >Eberto L. Hern\u00e1ndez Suros<\/span><div id=\"target-id69f7421c1052d\" class=\"collapseomatic_content \">\n\n\n\n<div class=\"wp-block-columns is-layout-flex wp-container-core-columns-is-layout-9d6595d7 wp-block-columns-is-layout-flex\">\n<div class=\"wp-block-column is-layout-flow wp-block-column-is-layout-flow\">\n<figure class=\"wp-block-image size-large\"><a href=\"http:\/\/www.cenais.cu\/cenais\/wp-content\/uploads\/2021\/06\/EBERTO.jpg\"><img loading=\"lazy\" decoding=\"async\" width=\"165\" height=\"222\" src=\"http:\/\/www.cenais.cu\/cenais\/wp-content\/uploads\/2021\/06\/EBERTO.jpg\" alt=\"\" class=\"wp-image-1290\"\/><\/a><\/figure>\n\n\n\n<p>ORCID:<\/p>\n\n\n\n<p><a href=\"http:\/\/www.cenais.cu\/investigadores\/CV_Eberto Hern\u00e1ndez.pdf\" target=\"_blank\" rel=\"noreferrer noopener\">Dowload CV<\/a><\/p>\n<\/div>\n\n\n\n<div class=\"wp-block-column is-layout-flow wp-block-column-is-layout-flow\">\n<p>Eberto Luis Hern\u00e1ndez Suros<\/p>\n\n\n\n<p>Ingeniero Ge\u00f3logo<\/p>\n\n\n\n<p>Master en Ciencias Geol\u00f3gicas<\/p>\n\n\n\n<p><a href=\"mailto:eberto@citmagrm.gob.cu\">eberto@citmagrm.gob.cu<\/a><\/p>\n<\/div>\n<\/div>\n\n\n\n<\/div>\n\n\n\n<p><\/p>\n\n\n\n<span class=\"collapseomatic \" id=\"id69f7421c1054a\"  tabindex=\"0\" title=\"Yexenia Viltres Mil\u00e1n\"    >Yexenia Viltres Mil\u00e1n<\/span><div id=\"target-id69f7421c1054a\" class=\"collapseomatic_content \">\n\n\n\n<div class=\"wp-block-columns is-layout-flex wp-container-core-columns-is-layout-9d6595d7 wp-block-columns-is-layout-flex\">\n<div class=\"wp-block-column is-layout-flow wp-block-column-is-layout-flow\">\n<p>ORCID:<\/p>\n\n\n\n<p><a href=\"http:\/\/www.cenais.cu\/investigadores\/CV_Yexenia Viltres Mil\u00e1n.pdf\" target=\"_blank\" rel=\"noreferrer noopener\">Dowload CV<\/a><\/p>\n<\/div>\n\n\n\n<div class=\"wp-block-column is-layout-flow wp-block-column-is-layout-flow\">\n<p>Yexenia Viltres Mil\u00e1n<\/p>\n\n\n\n<p>Ingeniera Ge\u00f3loga<\/p>\n\n\n\n<p>Master en Ciencias Geol\u00f3gicas<\/p>\n\n\n\n<p>Profesor Instructor<\/p>\n\n\n\n<p><a href=\"mailto:yexenia@cenais.cu\">yexenia@cenais.cu<\/a><\/p>\n<\/div>\n<\/div>\n\n\n\n<\/div>\n\n\n\n<p><\/p>\n\n\n\n<p><strong>Especialistas<\/strong><\/p>\n\n\n\n<span class=\"collapseomatic \" id=\"id69f7421c1055f\"  tabindex=\"0\" title=\"Jorge L. Noas Hern\u00e1ndez\"    >Jorge L. Noas Hern\u00e1ndez<\/span><div id=\"target-id69f7421c1055f\" class=\"collapseomatic_content \">\n\n\n\n<div class=\"wp-block-columns is-layout-flex wp-container-core-columns-is-layout-9d6595d7 wp-block-columns-is-layout-flex\">\n<div class=\"wp-block-column is-layout-flow wp-block-column-is-layout-flow\">\n<figure class=\"wp-block-image size-large\"><a href=\"http:\/\/www.cenais.cu\/cenais\/wp-content\/uploads\/2021\/06\/Noas-carne-1.jpg\"><img loading=\"lazy\" decoding=\"async\" width=\"190\" height=\"175\" src=\"http:\/\/www.cenais.cu\/cenais\/wp-content\/uploads\/2021\/06\/Noas-carne-1.jpg\" alt=\"\" class=\"wp-image-1228\"\/><\/a><\/figure>\n\n\n\n<p>ORCID:<\/p>\n\n\n\n<p><a href=\"http:\/\/www.cenais.cu\/investigadores\/CV_Jorge L. Noas.pdf\" target=\"_blank\" rel=\"noreferrer noopener\">Dowload CV<\/a><\/p>\n<\/div>\n\n\n\n<div class=\"wp-block-column is-layout-flow wp-block-column-is-layout-flow\">\n<p>Jorge Luis Noas Hern\u00e1ndez<\/p>\n\n\n\n<p>Licenciado en F\u00edsica<\/p>\n\n\n\n<p>Investigador Agregado<\/p>\n\n\n\n<p><a href=\"mailto:noas@cenais.cu\">noas@cenais.cu<\/a><\/p>\n<\/div>\n<\/div>\n\n\n\n<\/div>\n\n\n\n<p><\/p>\n\n\n\n<span class=\"collapseomatic \" id=\"id69f7421c10575\"  tabindex=\"0\" title=\"Maximiliano N. Vega Garriga\"    >Maximiliano N. Vega Garriga<\/span><div id=\"target-id69f7421c10575\" class=\"collapseomatic_content \">\n\n\n\n<div class=\"wp-block-columns is-layout-flex wp-container-core-columns-is-layout-9d6595d7 wp-block-columns-is-layout-flex\">\n<div class=\"wp-block-column is-layout-flow wp-block-column-is-layout-flow\">\n<figure class=\"wp-block-image size-large\"><a href=\"http:\/\/www.cenais.cu\/cenais\/wp-content\/uploads\/2021\/06\/Foto-Nicolas.jpg\"><img loading=\"lazy\" decoding=\"async\" width=\"163\" height=\"141\" src=\"http:\/\/www.cenais.cu\/cenais\/wp-content\/uploads\/2021\/06\/Foto-Nicolas.jpg\" alt=\"\" class=\"wp-image-1258\"\/><\/a><\/figure>\n\n\n\n<p>ORCID: <a rel=\"noreferrer noopener\" href=\"https:\/\/orcid.org\/0000-0002-7661-7539\" target=\"_blank\">0000-0002-7661-7539<\/a><\/p>\n\n\n\n<p><a href=\"http:\/\/www.cenais.cu\/investigadores\/CV_Nicol\u00e1s Vega.pdf\" target=\"_blank\" rel=\"noreferrer noopener\">Dowload CV<\/a><\/p>\n<\/div>\n\n\n\n<div class=\"wp-block-column is-layout-flow wp-block-column-is-layout-flow\">\n<p>Maximiliano Nicol\u00e1s Vega Garriga<\/p>\n\n\n\n<p>Ingeniero Ge\u00f3logo<\/p>\n\n\n\n<p>Investigador Agregado&nbsp;&nbsp;&nbsp;&nbsp;&nbsp;&nbsp;<\/p>\n\n\n\n<p>Profesor Auxiliar<\/p>\n\n\n\n<p><a href=\"mailto:nicolas@cenais.cu\">nicolas@cenais.cu<\/a><\/p>\n<\/div>\n<\/div>\n\n\n\n<\/div>\n\n\n\n<p><\/p>\n\n\n\n<span class=\"collapseomatic \" id=\"id69f7421c10592\"  tabindex=\"0\" title=\"Javier S\u00e1nchez Arce\"    >Javier S\u00e1nchez Arce<\/span><div id=\"target-id69f7421c10592\" class=\"collapseomatic_content \">\n\n\n\n<div class=\"wp-block-columns is-layout-flex wp-container-core-columns-is-layout-9d6595d7 wp-block-columns-is-layout-flex\">\n<div class=\"wp-block-column is-layout-flow wp-block-column-is-layout-flow\">\n<p><a href=\"http:\/\/www.cenais.cu\/investigadores\/CV_Javier S\u00e1nchez.pdf\" target=\"_blank\" rel=\"noreferrer noopener\">Dowload CV<\/a><\/p>\n<\/div>\n\n\n\n<div class=\"wp-block-column is-layout-flow wp-block-column-is-layout-flow\">\n<p>Javier S\u00e1nchez Arce<\/p>\n\n\n\n<p>Ingeniero Civil<\/p>\n\n\n\n<p><a href=\"mailto:javier.sanchez@cenais.cu\">javier.sanchez@cenais.cu<\/a><\/p>\n<\/div>\n<\/div>\n\n\n\n<\/div>\n","protected":false},"excerpt":{"rendered":"<p>Doctores Masters Especialistas<\/p>\n","protected":false},"author":2,"featured_media":0,"parent":0,"menu_order":0,"comment_status":"closed","ping_status":"closed","template":"","meta":{"footnotes":""},"class_list":["post-1195","page","type-page","status-publish","hentry"],"_links":{"self":[{"href":"https:\/\/www.cenais.gob.cu\/cenais\/index.php?rest_route=\/wp\/v2\/pages\/1195","targetHints":{"allow":["GET"]}}],"collection":[{"href":"https:\/\/www.cenais.gob.cu\/cenais\/index.php?rest_route=\/wp\/v2\/pages"}],"about":[{"href":"https:\/\/www.cenais.gob.cu\/cenais\/index.php?rest_route=\/wp\/v2\/types\/page"}],"author":[{"embeddable":true,"href":"https:\/\/www.cenais.gob.cu\/cenais\/index.php?rest_route=\/wp\/v2\/users\/2"}],"replies":[{"embeddable":true,"href":"https:\/\/www.cenais.gob.cu\/cenais\/index.php?rest_route=%2Fwp%2Fv2%2Fcomments&post=1195"}],"version-history":[{"count":29,"href":"https:\/\/www.cenais.gob.cu\/cenais\/index.php?rest_route=\/wp\/v2\/pages\/1195\/revisions"}],"predecessor-version":[{"id":1577,"href":"https:\/\/www.cenais.gob.cu\/cenais\/index.php?rest_route=\/wp\/v2\/pages\/1195\/revisions\/1577"}],"wp:attachment":[{"href":"https:\/\/www.cenais.gob.cu\/cenais\/index.php?rest_route=%2Fwp%2Fv2%2Fmedia&parent=1195"}],"curies":[{"name":"wp","href":"https:\/\/api.w.org\/{rel}","templated":true}]}}